{"id":488,"date":"2016-07-20T18:14:29","date_gmt":"2016-07-20T16:14:29","guid":{"rendered":"http:\/\/esponsorama.ad\/?page_id=488"},"modified":"2016-07-20T18:15:30","modified_gmt":"2016-07-20T16:15:30","slug":"promocio","status":"publish","type":"page","link":"http:\/\/esponsorama.ad\/ca\/promocio\/","title":{"rendered":"Promoci\u00f3"},"content":{"rendered":"<p><strong>CAMP. D\u2019ESPANYA PRE MOTO3<\/strong><\/p>\n<p>En la seva aposta pels joves talents Esponsorama d\u00f3na suport al jove catal\u00e0 Iker Garc\u00eda amb l&#8217;equip Avintia J\u00fanior en la categoria Pre Moto3 del Campionat d&#8217;Espanya de Velocitat. Amb nom\u00e9s 11 anys d&#8217;edat l\u2019Iker compta amb el t\u00edtol de Campi\u00f3 d&#8217;Espanya de Moto4 al seu palmar\u00e8s i \u00e9s un pilot amb gran projecci\u00f3 de futur. A causa de la seva poca estatura, l&#8217;adaptaci\u00f3 al la Beon Pre Moto3 250cc ha estat m\u00e9s complicada, per\u00f2 despr\u00e9s de diverses carreres l\u2019Iker ha estat regularment dins dels punts i mica en mica est\u00e0 m\u00e9s a prop dels llocs del davant.<\/p>\n<div id='gallery-1' class='gallery galleryid-488 gallery-columns-5 gallery-size-thumbnail'><figure class='gallery-item'>\n\t\t\t<div class='gallery-icon landscape'>\n\t\t\t\t<a href='http:\/\/esponsorama.ad\/wp-content\/uploads\/2016\/05\/18062016-_PSB5396.jpg' title=\"\" data-rl_title=\"\" class=\"rl-gallery-link\" data-rl_caption=\"\" data-rel=\"lightbox-gallery-1\"><img loading=\"lazy\" decoding=\"async\" width=\"150\" height=\"150\" src=\"http:\/\/esponsorama.ad\/wp-content\/uploads\/2016\/05\/18062016-_PSB5396-150x150.jpg\" class=\"attachment-thumbnail size-thumbnail\" alt=\"\" \/><\/a>\n\t\t\t<\/div><\/figure><figure class='gallery-item'>\n\t\t\t<div class='gallery-icon landscape'>\n\t\t\t\t<a href='http:\/\/esponsorama.ad\/wp-content\/uploads\/2016\/05\/18062016-_PSB5442.jpg' title=\"\" data-rl_title=\"\" class=\"rl-gallery-link\" data-rl_caption=\"\" data-rel=\"lightbox-gallery-1\"><img loading=\"lazy\" decoding=\"async\" width=\"150\" height=\"150\" src=\"http:\/\/esponsorama.ad\/wp-content\/uploads\/2016\/05\/18062016-_PSB5442-150x150.jpg\" class=\"attachment-thumbnail size-thumbnail\" alt=\"\" \/><\/a>\n\t\t\t<\/div><\/figure><figure class='gallery-item'>\n\t\t\t<div class='gallery-icon landscape'>\n\t\t\t\t<a href='http:\/\/esponsorama.ad\/wp-content\/uploads\/2016\/05\/18062016-_PSB6237.jpg' title=\"\" data-rl_title=\"\" class=\"rl-gallery-link\" data-rl_caption=\"\" data-rel=\"lightbox-gallery-1\"><img loading=\"lazy\" decoding=\"async\" width=\"150\" height=\"150\" src=\"http:\/\/esponsorama.ad\/wp-content\/uploads\/2016\/05\/18062016-_PSB6237-150x150.jpg\" class=\"attachment-thumbnail size-thumbnail\" alt=\"\" \/><\/a>\n\t\t\t<\/div><\/figure><figure class='gallery-item'>\n\t\t\t<div class='gallery-icon landscape'>\n\t\t\t\t<a href='http:\/\/esponsorama.ad\/wp-content\/uploads\/2016\/05\/18062016-_PSB7799.jpg' title=\"\" data-rl_title=\"\" class=\"rl-gallery-link\" data-rl_caption=\"\" data-rel=\"lightbox-gallery-1\"><img loading=\"lazy\" decoding=\"async\" width=\"150\" height=\"150\" src=\"http:\/\/esponsorama.ad\/wp-content\/uploads\/2016\/05\/18062016-_PSB7799-150x150.jpg\" class=\"attachment-thumbnail size-thumbnail\" alt=\"\" \/><\/a>\n\t\t\t<\/div><\/figure><figure class='gallery-item'>\n\t\t\t<div class='gallery-icon landscape'>\n\t\t\t\t<a href='http:\/\/esponsorama.ad\/wp-content\/uploads\/2016\/05\/18062016-_PSB7959.jpg' title=\"\" data-rl_title=\"\" class=\"rl-gallery-link\" data-rl_caption=\"\" data-rel=\"lightbox-gallery-1\"><img loading=\"lazy\" decoding=\"async\" width=\"150\" height=\"150\" src=\"http:\/\/esponsorama.ad\/wp-content\/uploads\/2016\/05\/18062016-_PSB7959-150x150.jpg\" class=\"attachment-thumbnail size-thumbnail\" alt=\"\" \/><\/a>\n\t\t\t<\/div><\/figure><figure class='gallery-item'>\n\t\t\t<div class='gallery-icon landscape'>\n\t\t\t\t<a href='http:\/\/esponsorama.ad\/wp-content\/uploads\/2016\/05\/18062016-_PSB7726.jpg' title=\"\" data-rl_title=\"\" class=\"rl-gallery-link\" data-rl_caption=\"\" data-rel=\"lightbox-gallery-1\"><img loading=\"lazy\" decoding=\"async\" width=\"150\" height=\"150\" src=\"http:\/\/esponsorama.ad\/wp-content\/uploads\/2016\/05\/18062016-_PSB7726-150x150.jpg\" class=\"attachment-thumbnail size-thumbnail\" alt=\"\" \/><\/a>\n\t\t\t<\/div><\/figure><figure class='gallery-item'>\n\t\t\t<div class='gallery-icon landscape'>\n\t\t\t\t<a href='http:\/\/esponsorama.ad\/wp-content\/uploads\/2016\/05\/18062016-_PSB6457.jpg' title=\"\" data-rl_title=\"\" class=\"rl-gallery-link\" data-rl_caption=\"\" data-rel=\"lightbox-gallery-1\"><img loading=\"lazy\" decoding=\"async\" width=\"150\" height=\"150\" src=\"http:\/\/esponsorama.ad\/wp-content\/uploads\/2016\/05\/18062016-_PSB6457-150x150.jpg\" class=\"attachment-thumbnail size-thumbnail\" alt=\"\" \/><\/a>\n\t\t\t<\/div><\/figure><figure class='gallery-item'>\n\t\t\t<div class='gallery-icon landscape'>\n\t\t\t\t<a href='http:\/\/esponsorama.ad\/wp-content\/uploads\/2016\/05\/18062016-_PSB6312.jpg' title=\"\" data-rl_title=\"\" class=\"rl-gallery-link\" data-rl_caption=\"\" data-rel=\"lightbox-gallery-1\"><img loading=\"lazy\" decoding=\"async\" width=\"150\" height=\"150\" src=\"http:\/\/esponsorama.ad\/wp-content\/uploads\/2016\/05\/18062016-_PSB6312-150x150.jpg\" class=\"attachment-thumbnail size-thumbnail\" alt=\"\" \/><\/a>\n\t\t\t<\/div><\/figure><figure class='gallery-item'>\n\t\t\t<div class='gallery-icon landscape'>\n\t\t\t\t<a href='http:\/\/esponsorama.ad\/wp-content\/uploads\/2016\/05\/18062016-_PSB6239.jpg' title=\"\" data-rl_title=\"\" class=\"rl-gallery-link\" data-rl_caption=\"\" data-rel=\"lightbox-gallery-1\"><img loading=\"lazy\" decoding=\"async\" width=\"150\" height=\"150\" src=\"http:\/\/esponsorama.ad\/wp-content\/uploads\/2016\/05\/18062016-_PSB6239-150x150.jpg\" class=\"attachment-thumbnail size-thumbnail\" alt=\"\" \/><\/a>\n\t\t\t<\/div><\/figure><figure class='gallery-item'>\n\t\t\t<div class='gallery-icon landscape'>\n\t\t\t\t<a href='http:\/\/esponsorama.ad\/wp-content\/uploads\/2016\/05\/18062016-_PSB7964.jpg' title=\"\" data-rl_title=\"\" class=\"rl-gallery-link\" data-rl_caption=\"\" data-rel=\"lightbox-gallery-1\"><img loading=\"lazy\" decoding=\"async\" width=\"150\" height=\"150\" src=\"http:\/\/esponsorama.ad\/wp-content\/uploads\/2016\/05\/18062016-_PSB7964-150x150.jpg\" class=\"attachment-thumbnail size-thumbnail\" alt=\"\" \/><\/a>\n\t\t\t<\/div><\/figure><figure class='gallery-item'>\n\t\t\t<div class='gallery-icon landscape'>\n\t\t\t\t<a href='http:\/\/esponsorama.ad\/wp-content\/uploads\/2016\/05\/18062016-_PSB8071.jpg' title=\"\" data-rl_title=\"\" class=\"rl-gallery-link\" data-rl_caption=\"\" data-rel=\"lightbox-gallery-1\"><img loading=\"lazy\" decoding=\"async\" width=\"150\" height=\"150\" src=\"http:\/\/esponsorama.ad\/wp-content\/uploads\/2016\/05\/18062016-_PSB8071-150x150.jpg\" class=\"attachment-thumbnail size-thumbnail\" alt=\"\" \/><\/a>\n\t\t\t<\/div><\/figure><figure class='gallery-item'>\n\t\t\t<div class='gallery-icon landscape'>\n\t\t\t\t<a href='http:\/\/esponsorama.ad\/wp-content\/uploads\/2016\/05\/18062016-_PSB8591-Editar.jpg' title=\"\" data-rl_title=\"\" class=\"rl-gallery-link\" data-rl_caption=\"\" data-rel=\"lightbox-gallery-1\"><img loading=\"lazy\" decoding=\"async\" width=\"150\" height=\"150\" src=\"http:\/\/esponsorama.ad\/wp-content\/uploads\/2016\/05\/18062016-_PSB8591-Editar-150x150.jpg\" class=\"attachment-thumbnail size-thumbnail\" alt=\"\" \/><\/a>\n\t\t\t<\/div><\/figure><figure class='gallery-item'>\n\t\t\t<div class='gallery-icon landscape'>\n\t\t\t\t<a href='http:\/\/esponsorama.ad\/wp-content\/uploads\/2016\/05\/19062016-_PSB1707.jpg' title=\"\" data-rl_title=\"\" class=\"rl-gallery-link\" data-rl_caption=\"\" data-rel=\"lightbox-gallery-1\"><img loading=\"lazy\" decoding=\"async\" width=\"150\" height=\"150\" src=\"http:\/\/esponsorama.ad\/wp-content\/uploads\/2016\/05\/19062016-_PSB1707-150x150.jpg\" class=\"attachment-thumbnail size-thumbnail\" alt=\"\" \/><\/a>\n\t\t\t<\/div><\/figure><figure class='gallery-item'>\n\t\t\t<div class='gallery-icon landscape'>\n\t\t\t\t<a href='http:\/\/esponsorama.ad\/wp-content\/uploads\/2016\/05\/19062016-_PSB1766.jpg' title=\"\" data-rl_title=\"\" class=\"rl-gallery-link\" data-rl_caption=\"\" data-rel=\"lightbox-gallery-1\"><img loading=\"lazy\" decoding=\"async\" width=\"150\" height=\"150\" src=\"http:\/\/esponsorama.ad\/wp-content\/uploads\/2016\/05\/19062016-_PSB1766-150x150.jpg\" class=\"attachment-thumbnail size-thumbnail\" alt=\"\" \/><\/a>\n\t\t\t<\/div><\/figure><figure class='gallery-item'>\n\t\t\t<div class='gallery-icon landscape'>\n\t\t\t\t<a href='http:\/\/esponsorama.ad\/wp-content\/uploads\/2016\/05\/19062016-_PSB1874.jpg' title=\"\" data-rl_title=\"\" class=\"rl-gallery-link\" data-rl_caption=\"\" data-rel=\"lightbox-gallery-1\"><img loading=\"lazy\" decoding=\"async\" width=\"150\" height=\"150\" src=\"http:\/\/esponsorama.ad\/wp-content\/uploads\/2016\/05\/19062016-_PSB1874-150x150.jpg\" class=\"attachment-thumbnail size-thumbnail\" alt=\"\" \/><\/a>\n\t\t\t<\/div><\/figure>\n\t\t<\/div>\n\n","protected":false},"excerpt":{"rendered":"<p>CAMP. D\u2019ESPANYA PRE MOTO3 En la seva aposta pels joves talents Esponsorama d\u00f3na suport al jove catal\u00e0 Iker Garc\u00eda amb l&#8217;equip Avintia J\u00fanior en la categoria Pre Moto3 del Campionat d&#8217;Espanya de Velocitat. Amb nom\u00e9s 11 anys d&#8217;edat l\u2019Iker compta amb el t\u00edtol de Campi\u00f3 d&#8217;Espanya de Moto4 al seu palmar\u00e8s i \u00e9s un pilot [&hellip;]<\/p>\n","protected":false},"author":6,"featured_media":453,"parent":0,"menu_order":0,"comment_status":"closed","ping_status":"closed","template":"","meta":{"footnotes":""},"class_list":["post-488","page","type-page","status-publish","has-post-thumbnail","hentry"],"yoast_head":"<!-- This site is optimized with the Yoast SEO plugin v27.1.1 - https:\/\/yoast.com\/product\/yoast-seo-wordpress\/ -->\n<title>Promoci\u00f3 - Esponsorama<\/title>\n<meta name=\"robots\" content=\"index, follow, max-snippet:-1, max-image-preview:large, max-video-preview:-1\" \/>\n<link rel=\"canonical\" href=\"http:\/\/esponsorama.ad\/ca\/promocio\/\" \/>\n<meta property=\"og:locale\" content=\"en_US\" \/>\n<meta property=\"og:type\" content=\"article\" \/>\n<meta property=\"og:title\" content=\"Promoci\u00f3 - Esponsorama\" \/>\n<meta property=\"og:description\" content=\"CAMP. D\u2019ESPANYA PRE MOTO3 En la seva aposta pels joves talents Esponsorama d\u00f3na suport al jove catal\u00e0 Iker Garc\u00eda amb l&#8217;equip Avintia J\u00fanior en la categoria Pre Moto3 del Campionat d&#8217;Espanya de Velocitat. Amb nom\u00e9s 11 anys d&#8217;edat l\u2019Iker compta amb el t\u00edtol de Campi\u00f3 d&#8217;Espanya de Moto4 al seu palmar\u00e8s i \u00e9s un pilot [&hellip;]\" \/>\n<meta property=\"og:url\" content=\"http:\/\/esponsorama.ad\/ca\/promocio\/\" \/>\n<meta property=\"og:site_name\" content=\"Esponsorama\" \/>\n<meta property=\"article:modified_time\" content=\"2016-07-20T16:15:30+00:00\" \/>\n<meta property=\"og:image\" content=\"http:\/\/esponsorama.ad\/wp-content\/uploads\/2016\/05\/18062016-_PSB8591-Editar.jpg\" \/>\n\t<meta property=\"og:image:width\" content=\"1800\" \/>\n\t<meta property=\"og:image:height\" content=\"1167\" \/>\n\t<meta property=\"og:image:type\" content=\"image\/jpeg\" \/>\n<meta name=\"twitter:card\" content=\"summary_large_image\" \/>\n<meta name=\"twitter:label1\" content=\"Est. reading time\" \/>\n\t<meta name=\"twitter:data1\" content=\"1 minute\" \/>\n<script type=\"application\/ld+json\" class=\"yoast-schema-graph\">{\"@context\":\"https:\/\/schema.org\",\"@graph\":[{\"@type\":\"WebPage\",\"@id\":\"http:\/\/esponsorama.ad\/ca\/promocio\/\",\"url\":\"http:\/\/esponsorama.ad\/ca\/promocio\/\",\"name\":\"Promoci\u00f3 - Esponsorama\",\"isPartOf\":{\"@id\":\"http:\/\/esponsorama.ad\/es\/#website\"},\"primaryImageOfPage\":{\"@id\":\"http:\/\/esponsorama.ad\/ca\/promocio\/#primaryimage\"},\"image\":{\"@id\":\"http:\/\/esponsorama.ad\/ca\/promocio\/#primaryimage\"},\"thumbnailUrl\":\"http:\/\/esponsorama.ad\/wp-content\/uploads\/2016\/05\/18062016-_PSB8591-Editar.jpg\",\"datePublished\":\"2016-07-20T16:14:29+00:00\",\"dateModified\":\"2016-07-20T16:15:30+00:00\",\"breadcrumb\":{\"@id\":\"http:\/\/esponsorama.ad\/ca\/promocio\/#breadcrumb\"},\"inLanguage\":\"ca-AD\",\"potentialAction\":[{\"@type\":\"ReadAction\",\"target\":[\"http:\/\/esponsorama.ad\/ca\/promocio\/\"]}]},{\"@type\":\"ImageObject\",\"inLanguage\":\"ca-AD\",\"@id\":\"http:\/\/esponsorama.ad\/ca\/promocio\/#primaryimage\",\"url\":\"http:\/\/esponsorama.ad\/wp-content\/uploads\/2016\/05\/18062016-_PSB8591-Editar.jpg\",\"contentUrl\":\"http:\/\/esponsorama.ad\/wp-content\/uploads\/2016\/05\/18062016-_PSB8591-Editar.jpg\",\"width\":1800,\"height\":1167},{\"@type\":\"BreadcrumbList\",\"@id\":\"http:\/\/esponsorama.ad\/ca\/promocio\/#breadcrumb\",\"itemListElement\":[{\"@type\":\"ListItem\",\"position\":1,\"name\":\"Home\",\"item\":\"http:\/\/esponsorama.ad\/en\/\"},{\"@type\":\"ListItem\",\"position\":2,\"name\":\"Promoci\u00f3\"}]},{\"@type\":\"WebSite\",\"@id\":\"http:\/\/esponsorama.ad\/es\/#website\",\"url\":\"http:\/\/esponsorama.ad\/es\/\",\"name\":\"Esponsorama\",\"description\":\"Specialist in motorsport sponsorship and event promotions\",\"potentialAction\":[{\"@type\":\"SearchAction\",\"target\":{\"@type\":\"EntryPoint\",\"urlTemplate\":\"http:\/\/esponsorama.ad\/es\/?s={search_term_string}\"},\"query-input\":{\"@type\":\"PropertyValueSpecification\",\"valueRequired\":true,\"valueName\":\"search_term_string\"}}],\"inLanguage\":\"ca-AD\"}]}<\/script>\n<!-- \/ Yoast SEO plugin. -->","yoast_head_json":{"title":"Promoci\u00f3 - Esponsorama","robots":{"index":"index","follow":"follow","max-snippet":"max-snippet:-1","max-image-preview":"max-image-preview:large","max-video-preview":"max-video-preview:-1"},"canonical":"http:\/\/esponsorama.ad\/ca\/promocio\/","og_locale":"en_US","og_type":"article","og_title":"Promoci\u00f3 - Esponsorama","og_description":"CAMP. D\u2019ESPANYA PRE MOTO3 En la seva aposta pels joves talents Esponsorama d\u00f3na suport al jove catal\u00e0 Iker Garc\u00eda amb l&#8217;equip Avintia J\u00fanior en la categoria Pre Moto3 del Campionat d&#8217;Espanya de Velocitat. Amb nom\u00e9s 11 anys d&#8217;edat l\u2019Iker compta amb el t\u00edtol de Campi\u00f3 d&#8217;Espanya de Moto4 al seu palmar\u00e8s i \u00e9s un pilot [&hellip;]","og_url":"http:\/\/esponsorama.ad\/ca\/promocio\/","og_site_name":"Esponsorama","article_modified_time":"2016-07-20T16:15:30+00:00","og_image":[{"width":1800,"height":1167,"url":"http:\/\/esponsorama.ad\/wp-content\/uploads\/2016\/05\/18062016-_PSB8591-Editar.jpg","type":"image\/jpeg"}],"twitter_card":"summary_large_image","twitter_misc":{"Est. reading time":"1 minute"},"schema":{"@context":"https:\/\/schema.org","@graph":[{"@type":"WebPage","@id":"http:\/\/esponsorama.ad\/ca\/promocio\/","url":"http:\/\/esponsorama.ad\/ca\/promocio\/","name":"Promoci\u00f3 - Esponsorama","isPartOf":{"@id":"http:\/\/esponsorama.ad\/es\/#website"},"primaryImageOfPage":{"@id":"http:\/\/esponsorama.ad\/ca\/promocio\/#primaryimage"},"image":{"@id":"http:\/\/esponsorama.ad\/ca\/promocio\/#primaryimage"},"thumbnailUrl":"http:\/\/esponsorama.ad\/wp-content\/uploads\/2016\/05\/18062016-_PSB8591-Editar.jpg","datePublished":"2016-07-20T16:14:29+00:00","dateModified":"2016-07-20T16:15:30+00:00","breadcrumb":{"@id":"http:\/\/esponsorama.ad\/ca\/promocio\/#breadcrumb"},"inLanguage":"ca-AD","potentialAction":[{"@type":"ReadAction","target":["http:\/\/esponsorama.ad\/ca\/promocio\/"]}]},{"@type":"ImageObject","inLanguage":"ca-AD","@id":"http:\/\/esponsorama.ad\/ca\/promocio\/#primaryimage","url":"http:\/\/esponsorama.ad\/wp-content\/uploads\/2016\/05\/18062016-_PSB8591-Editar.jpg","contentUrl":"http:\/\/esponsorama.ad\/wp-content\/uploads\/2016\/05\/18062016-_PSB8591-Editar.jpg","width":1800,"height":1167},{"@type":"BreadcrumbList","@id":"http:\/\/esponsorama.ad\/ca\/promocio\/#breadcrumb","itemListElement":[{"@type":"ListItem","position":1,"name":"Home","item":"http:\/\/esponsorama.ad\/en\/"},{"@type":"ListItem","position":2,"name":"Promoci\u00f3"}]},{"@type":"WebSite","@id":"http:\/\/esponsorama.ad\/es\/#website","url":"http:\/\/esponsorama.ad\/es\/","name":"Esponsorama","description":"Specialist in motorsport sponsorship and event promotions","potentialAction":[{"@type":"SearchAction","target":{"@type":"EntryPoint","urlTemplate":"http:\/\/esponsorama.ad\/es\/?s={search_term_string}"},"query-input":{"@type":"PropertyValueSpecification","valueRequired":true,"valueName":"search_term_string"}}],"inLanguage":"ca-AD"}]}},"_links":{"self":[{"href":"http:\/\/esponsorama.ad\/ca\/wp-json\/wp\/v2\/pages\/488","targetHints":{"allow":["GET"]}}],"collection":[{"href":"http:\/\/esponsorama.ad\/ca\/wp-json\/wp\/v2\/pages"}],"about":[{"href":"http:\/\/esponsorama.ad\/ca\/wp-json\/wp\/v2\/types\/page"}],"author":[{"embeddable":true,"href":"http:\/\/esponsorama.ad\/ca\/wp-json\/wp\/v2\/users\/6"}],"replies":[{"embeddable":true,"href":"http:\/\/esponsorama.ad\/ca\/wp-json\/wp\/v2\/comments?post=488"}],"version-history":[{"count":0,"href":"http:\/\/esponsorama.ad\/ca\/wp-json\/wp\/v2\/pages\/488\/revisions"}],"wp:featuredmedia":[{"embeddable":true,"href":"http:\/\/esponsorama.ad\/ca\/wp-json\/wp\/v2\/media\/453"}],"wp:attachment":[{"href":"http:\/\/esponsorama.ad\/ca\/wp-json\/wp\/v2\/media?parent=488"}],"curies":[{"name":"wp","href":"https:\/\/api.w.org\/{rel}","templated":true}]}}