{"version":"1.0","provider_name":"Esponsorama","provider_url":"http:\/\/esponsorama.ad\/es","title":"CARRERA DESAFORTUNADA PARA EL AVINTIA ESPONSORAMA RACING EN AUSTRIA - Esponsorama","type":"rich","width":600,"height":338,"html":"<blockquote class=\"wp-embedded-content\" data-secret=\"B3l604vU6k\"><a href=\"http:\/\/esponsorama.ad\/es\/carrera-desafortunada-avintia-esponsorama-racing-austria\/\">CARRERA DESAFORTUNADA PARA EL AVINTIA ESPONSORAMA RACING EN AUSTRIA<\/a><\/blockquote><iframe sandbox=\"allow-scripts\" security=\"restricted\" src=\"http:\/\/esponsorama.ad\/es\/carrera-desafortunada-avintia-esponsorama-racing-austria\/embed\/#?secret=B3l604vU6k\" width=\"600\" height=\"338\" title=\"\u00abCARRERA DESAFORTUNADA PARA EL AVINTIA ESPONSORAMA RACING EN AUSTRIA\u00bb \u2014 Esponsorama\" data-secret=\"B3l604vU6k\" frameborder=\"0\" marginwidth=\"0\" marginheight=\"0\" scrolling=\"no\" class=\"wp-embedded-content\"><\/iframe><script type=\"text\/javascript\">\n\/* <![CDATA[ *\/\n\/*! This file is auto-generated *\/\n!function(d,l){\"use strict\";l.querySelector&&d.addEventListener&&\"undefined\"!=typeof URL&&(d.wp=d.wp||{},d.wp.receiveEmbedMessage||(d.wp.receiveEmbedMessage=function(e){var t=e.data;if((t||t.secret||t.message||t.value)&&!\/[^a-zA-Z0-9]\/.test(t.secret)){for(var s,r,n,a=l.querySelectorAll('iframe[data-secret=\"'+t.secret+'\"]'),o=l.querySelectorAll('blockquote[data-secret=\"'+t.secret+'\"]'),c=new RegExp(\"^https?:$\",\"i\"),i=0;i<o.length;i++)o[i].style.display=\"none\";for(i=0;i<a.length;i++)s=a[i],e.source===s.contentWindow&&(s.removeAttribute(\"style\"),\"height\"===t.message?(1e3<(r=parseInt(t.value,10))?r=1e3:~~r<200&&(r=200),s.height=r):\"link\"===t.message&&(r=new URL(s.getAttribute(\"src\")),n=new URL(t.value),c.test(n.protocol))&&n.host===r.host&&l.activeElement===s&&(d.top.location.href=t.value))}},d.addEventListener(\"message\",d.wp.receiveEmbedMessage,!1),l.addEventListener(\"DOMContentLoaded\",function(){for(var e,t,s=l.querySelectorAll(\"iframe.wp-embedded-content\"),r=0;r<s.length;r++)(t=(e=s[r]).getAttribute(\"data-secret\"))||(t=Math.random().toString(36).substring(2,12),e.src+=\"#?secret=\"+t,e.setAttribute(\"data-secret\",t)),e.contentWindow.postMessage({message:\"ready\",secret:t},\"*\")},!1)))}(window,document);\n\/\/# sourceURL=http:\/\/esponsorama.ad\/wp-includes\/js\/wp-embed.min.js\n\/* ]]> *\/\n<\/script>\n","thumbnail_url":"http:\/\/esponsorama.ad\/wp-content\/uploads\/2021\/08\/41f9b7f0-1135-ff5b-5fd2-76fb930fea8e.jpg","thumbnail_width":4462,"thumbnail_height":2975,"description":"Andr\u00e9 Pires y Xavi Cardel\u00fas han concluido la carrera del Bitci Motorrad Grand Prix von \u00d6sterreich, donde el portugu\u00e9s ha sido 16\u00ba y el andorrano 18\u00ba tras sufrir una ca\u00edda. Cardel\u00fas, que arrancaba la carrera en 6\u00aa posici\u00f3n, estaba realizando una gran actuaci\u00f3n luchando por las posiciones delanteras. Pero, en la pen\u00faltima vuelta, ha perdido [&hellip;]"}