{"version":"1.0","provider_name":"Esponsorama","provider_url":"http:\/\/esponsorama.ad\/es","title":"Cita especial para Vicente P\u00e9rez en el GP de Espa\u00f1a - Esponsorama","type":"rich","width":600,"height":338,"html":"<blockquote class=\"wp-embedded-content\" data-secret=\"jqaf4Dxi8T\"><a href=\"http:\/\/esponsorama.ad\/es\/cita-especial-vicente-perez-gp-espana\/\">Cita especial para Vicente P\u00e9rez en el GP de Espa\u00f1a<\/a><\/blockquote><iframe sandbox=\"allow-scripts\" security=\"restricted\" src=\"http:\/\/esponsorama.ad\/es\/cita-especial-vicente-perez-gp-espana\/embed\/#?secret=jqaf4Dxi8T\" width=\"600\" height=\"338\" title=\"\u00abCita especial para Vicente P\u00e9rez en el GP de Espa\u00f1a\u00bb \u2014 Esponsorama\" data-secret=\"jqaf4Dxi8T\" frameborder=\"0\" marginwidth=\"0\" marginheight=\"0\" scrolling=\"no\" class=\"wp-embedded-content\"><\/iframe><script type=\"text\/javascript\">\n\/* <![CDATA[ *\/\n\/*! This file is auto-generated *\/\n!function(d,l){\"use strict\";l.querySelector&&d.addEventListener&&\"undefined\"!=typeof URL&&(d.wp=d.wp||{},d.wp.receiveEmbedMessage||(d.wp.receiveEmbedMessage=function(e){var t=e.data;if((t||t.secret||t.message||t.value)&&!\/[^a-zA-Z0-9]\/.test(t.secret)){for(var s,r,n,a=l.querySelectorAll('iframe[data-secret=\"'+t.secret+'\"]'),o=l.querySelectorAll('blockquote[data-secret=\"'+t.secret+'\"]'),c=new RegExp(\"^https?:$\",\"i\"),i=0;i<o.length;i++)o[i].style.display=\"none\";for(i=0;i<a.length;i++)s=a[i],e.source===s.contentWindow&&(s.removeAttribute(\"style\"),\"height\"===t.message?(1e3<(r=parseInt(t.value,10))?r=1e3:~~r<200&&(r=200),s.height=r):\"link\"===t.message&&(r=new URL(s.getAttribute(\"src\")),n=new URL(t.value),c.test(n.protocol))&&n.host===r.host&&l.activeElement===s&&(d.top.location.href=t.value))}},d.addEventListener(\"message\",d.wp.receiveEmbedMessage,!1),l.addEventListener(\"DOMContentLoaded\",function(){for(var e,t,s=l.querySelectorAll(\"iframe.wp-embedded-content\"),r=0;r<s.length;r++)(t=(e=s[r]).getAttribute(\"data-secret\"))||(t=Math.random().toString(36).substring(2,12),e.src+=\"#?secret=\"+t,e.setAttribute(\"data-secret\",t)),e.contentWindow.postMessage({message:\"ready\",secret:t},\"*\")},!1)))}(window,document);\n\/\/# sourceURL=http:\/\/esponsorama.ad\/wp-includes\/js\/wp-embed.min.js\n\/* ]]> *\/\n<\/script>\n","thumbnail_url":"http:\/\/esponsorama.ad\/wp-content\/uploads\/2019\/05\/03Austin19M3ESPONSORAMA_TIN2942-1024x683.jpg","thumbnail_width":1024,"thumbnail_height":683,"description":"El piloto valenciano de Moto3,\u00a0Vicente P\u00e9rez\u00a0encara el\u00a0Gran Premio de Espa\u00f1a\u00a0ilusionado tras un inicio de temporada en\u00a0la que los resultados no acompa\u00f1an al buen rendimiento de P\u00e9rez en los entrenamientos. Con la mirada puesta en la carrera, Vicente espera hacer una buena actuaci\u00f3n en el primer circuito en el que gan\u00f3 y para ello pondr\u00e1 todo [&hellip;]"}