{"version":"1.0","provider_name":"Esponsorama","provider_url":"http:\/\/esponsorama.ad\/es","title":"Vicente P\u00e9rez sale de Qatar sin premio pero con garant\u00edas - Esponsorama","type":"rich","width":600,"height":338,"html":"<blockquote class=\"wp-embedded-content\" data-secret=\"B3i4RG85xo\"><a href=\"http:\/\/esponsorama.ad\/es\/vicente-perez-sale-qatar-sin-premio-garantias\/\">Vicente P\u00e9rez sale de Qatar sin premio pero con garant\u00edas<\/a><\/blockquote><iframe sandbox=\"allow-scripts\" security=\"restricted\" src=\"http:\/\/esponsorama.ad\/es\/vicente-perez-sale-qatar-sin-premio-garantias\/embed\/#?secret=B3i4RG85xo\" width=\"600\" height=\"338\" title=\"\u00abVicente P\u00e9rez sale de Qatar sin premio pero con garant\u00edas\u00bb \u2014 Esponsorama\" data-secret=\"B3i4RG85xo\" frameborder=\"0\" marginwidth=\"0\" marginheight=\"0\" scrolling=\"no\" class=\"wp-embedded-content\"><\/iframe><script type=\"text\/javascript\">\n\/* <![CDATA[ *\/\n\/*! This file is auto-generated *\/\n!function(d,l){\"use strict\";l.querySelector&&d.addEventListener&&\"undefined\"!=typeof URL&&(d.wp=d.wp||{},d.wp.receiveEmbedMessage||(d.wp.receiveEmbedMessage=function(e){var t=e.data;if((t||t.secret||t.message||t.value)&&!\/[^a-zA-Z0-9]\/.test(t.secret)){for(var s,r,n,a=l.querySelectorAll('iframe[data-secret=\"'+t.secret+'\"]'),o=l.querySelectorAll('blockquote[data-secret=\"'+t.secret+'\"]'),c=new RegExp(\"^https?:$\",\"i\"),i=0;i<o.length;i++)o[i].style.display=\"none\";for(i=0;i<a.length;i++)s=a[i],e.source===s.contentWindow&&(s.removeAttribute(\"style\"),\"height\"===t.message?(1e3<(r=parseInt(t.value,10))?r=1e3:~~r<200&&(r=200),s.height=r):\"link\"===t.message&&(r=new URL(s.getAttribute(\"src\")),n=new URL(t.value),c.test(n.protocol))&&n.host===r.host&&l.activeElement===s&&(d.top.location.href=t.value))}},d.addEventListener(\"message\",d.wp.receiveEmbedMessage,!1),l.addEventListener(\"DOMContentLoaded\",function(){for(var e,t,s=l.querySelectorAll(\"iframe.wp-embedded-content\"),r=0;r<s.length;r++)(t=(e=s[r]).getAttribute(\"data-secret\"))||(t=Math.random().toString(36).substring(2,12),e.src+=\"#?secret=\"+t,e.setAttribute(\"data-secret\",t)),e.contentWindow.postMessage({message:\"ready\",secret:t},\"*\")},!1)))}(window,document);\n\/\/# sourceURL=http:\/\/esponsorama.ad\/wp-includes\/js\/wp-embed.min.js\n\/* ]]> *\/\n<\/script>\n","thumbnail_url":"http:\/\/esponsorama.ad\/wp-content\/uploads\/2019\/04\/qatar-moto3_-1024x683.jpg","thumbnail_width":1024,"thumbnail_height":683,"description":"Una bajada de rendimiento del motor de su KTM, impid\u00f3 que el piloto valenciano del Reale Avitia Academy 77 terminara una carrera en la que pod\u00eda haber estado en el top 10, pues mostr\u00f3 un gran ritmo y constancia y en el inicio pudo destacar de forma notable. El #77 sali\u00f3 de Qatar con buenas [&hellip;]"}