{"version":"1.0","provider_name":"Esponsorama","provider_url":"http:\/\/esponsorama.ad\/es","title":"Viernes de rodaje para Vicente P\u00e9rez en el Gran Premio de Catalu\u00f1a - Esponsorama","type":"rich","width":600,"height":338,"html":"<blockquote class=\"wp-embedded-content\" data-secret=\"ADb7bNMUCa\"><a href=\"http:\/\/esponsorama.ad\/es\/viernes-rodaje-vicente-perez-gran-premio-cataluna\/\">Viernes de rodaje para Vicente P\u00e9rez en el Gran Premio de Catalu\u00f1a<\/a><\/blockquote><iframe sandbox=\"allow-scripts\" security=\"restricted\" src=\"http:\/\/esponsorama.ad\/es\/viernes-rodaje-vicente-perez-gran-premio-cataluna\/embed\/#?secret=ADb7bNMUCa\" width=\"600\" height=\"338\" title=\"\u00abViernes de rodaje para Vicente P\u00e9rez en el Gran Premio de Catalu\u00f1a\u00bb \u2014 Esponsorama\" data-secret=\"ADb7bNMUCa\" frameborder=\"0\" marginwidth=\"0\" marginheight=\"0\" scrolling=\"no\" class=\"wp-embedded-content\"><\/iframe><script type=\"text\/javascript\">\n\/* <![CDATA[ *\/\n\/*! This file is auto-generated *\/\n!function(d,l){\"use strict\";l.querySelector&&d.addEventListener&&\"undefined\"!=typeof URL&&(d.wp=d.wp||{},d.wp.receiveEmbedMessage||(d.wp.receiveEmbedMessage=function(e){var t=e.data;if((t||t.secret||t.message||t.value)&&!\/[^a-zA-Z0-9]\/.test(t.secret)){for(var s,r,n,a=l.querySelectorAll('iframe[data-secret=\"'+t.secret+'\"]'),o=l.querySelectorAll('blockquote[data-secret=\"'+t.secret+'\"]'),c=new RegExp(\"^https?:$\",\"i\"),i=0;i<o.length;i++)o[i].style.display=\"none\";for(i=0;i<a.length;i++)s=a[i],e.source===s.contentWindow&&(s.removeAttribute(\"style\"),\"height\"===t.message?(1e3<(r=parseInt(t.value,10))?r=1e3:~~r<200&&(r=200),s.height=r):\"link\"===t.message&&(r=new URL(s.getAttribute(\"src\")),n=new URL(t.value),c.test(n.protocol))&&n.host===r.host&&l.activeElement===s&&(d.top.location.href=t.value))}},d.addEventListener(\"message\",d.wp.receiveEmbedMessage,!1),l.addEventListener(\"DOMContentLoaded\",function(){for(var e,t,s=l.querySelectorAll(\"iframe.wp-embedded-content\"),r=0;r<s.length;r++)(t=(e=s[r]).getAttribute(\"data-secret\"))||(t=Math.random().toString(36).substring(2,12),e.src+=\"#?secret=\"+t,e.setAttribute(\"data-secret\",t)),e.contentWindow.postMessage({message:\"ready\",secret:t},\"*\")},!1)))}(window,document);\n\/\/# sourceURL=http:\/\/esponsorama.ad\/wp-includes\/js\/wp-embed.min.js\n\/* ]]> *\/\n<\/script>\n","thumbnail_url":"http:\/\/esponsorama.ad\/wp-content\/uploads\/2017\/06\/07Montmelo17M3-2956.jpg","thumbnail_width":4159,"thumbnail_height":2773,"description":"El Circuito de Catalu\u00f1a ha recibido a los pilotos del Mundial de MotoGP bajo la lluvia; durante la madrugada del viernes han habido peque\u00f1os chubascos, que se han alargado hasta el inicio de la actividad en pista. La categor\u00eda de Moto3 ha comenzado con la pista h\u00fameda, por lo que los entrenamientos libres han sido [&hellip;]"}